{"id":50,"date":"2023-07-14T19:38:01","date_gmt":"2023-07-14T19:38:01","guid":{"rendered":"https:\/\/yarisma.ilhantekelivakfi.org.tr\/?page_id=50"},"modified":"2023-07-17T21:15:37","modified_gmt":"2023-07-17T21:15:37","slug":"yarisma-katilim-kosullari","status":"publish","type":"page","link":"https:\/\/yarisma.ilhantekelivakfi.org.tr\/?page_id=50","title":{"rendered":"Yar\u0131\u015fma Kat\u0131l\u0131m Ko\u015fullar\u0131"},"content":{"rendered":"\n<ol class=\"wp-block-list\">\n<li><strong>Yar\u0131\u015fmaya Kat\u0131l\u0131m Ko\u015fullar\u0131<\/strong><\/li>\n<\/ol>\n\n\n\n<ul class=\"wp-block-list\">\n<li>Yar\u0131\u015fma, \u00fcniversite \u00f6\u011frencilerine a\u00e7\u0131kt\u0131r. Yar\u0131\u015fmaya bireysel veya ekip olarak kat\u0131l\u0131m sa\u011flanabilir.&nbsp;<\/li>\n\n\n\n<li>Kat\u0131l\u0131mc\u0131lar Y\u00fcksek \u00d6\u011fretim Kurumuna ba\u011fl\u0131 herhangi bir \u00fcniversitede lisans veya lisans\u00fcst\u00fc \u00f6\u011frencisi olmal\u0131d\u0131r.<\/li>\n\n\n\n<li>Farkl\u0131 disiplinlerden y\u00fcksek \u00f6\u011frenim \u00f6\u011frencileri ile karma ekipler olu\u015fturulmas\u0131 te\u015fvik edilmektedir.&nbsp;<\/li>\n\n\n\n<li>Yar\u0131\u015fmac\u0131lar\u0131n akademik dan\u0131\u015fmanlar\u0131 olabilir.<\/li>\n\n\n\n<li>Yar\u0131\u015fmaya kat\u0131lacak ki\u015filerin j\u00fcri \u00fcyeleri ve raport\u00f6rler ile 1. derece yak\u0131nl\u0131\u011f\u0131 bulunan ki\u015filer kat\u0131lamaz.&nbsp;<\/li>\n\n\n\n<li>Yar\u0131\u015fmaya daha \u00f6nce herhangi bir yar\u0131\u015fma, organizasyon ve \u00e7al\u0131\u015fmada yay\u0131mlann\u0131\u015f\/sergilenmi\u015f \u00e7al\u0131\u015fmalar kat\u0131lamaz. Aksi bir durumun tespiti halinde proje yar\u0131\u015fmadan \u00e7\u0131kar\u0131l\u0131r.&nbsp;<\/li>\n\n\n\n<li>Yar\u0131\u015fmaya kat\u0131lan t\u00fcm \u00f6\u011frencilerin \u00d6\u011frenci Belgesi \u0130braz etmeleri gereklidir.<\/li>\n<\/ul>\n\n\n\n<p><strong>\u015eartname Bedeli&nbsp;<\/strong><\/p>\n\n\n\n<ul class=\"wp-block-list\">\n<li>\u015eartname bedeli olan 200,00 TL (\u0130ki Y\u00fcz T\u00fcrk Liras\u0131) \u0130lhan Tekeli \u015eehircilik K\u00fclt\u00fcr\u00fc Vakf\u0131 <strong>Vak\u0131fbank T\u00fcrki\u015f \u015eubesi (906)&nbsp; IBAN: TR 46 0001 5001 5800 7308 2156 00 no\u2019lu<\/strong> hesab\u0131na <strong>30 Eyl\u00fcl 2023<\/strong> tarihine kadar yat\u0131r\u0131larak dekontu isim, telefon, e-posta ve adres ile birlikte <a href=\"mailto:itskv.yarisma@gmail.com\"><strong>itskv.yarisma@gmail.com<\/strong><\/a>&nbsp; e-posta adresine g\u00f6nderilecektir.&nbsp;<\/li>\n\n\n\n<li>Dekontun a\u00e7\u0131klama k\u0131sm\u0131na \u201cba\u011f\u0131\u015f\u201d yaz\u0131lmas\u0131 gerekmektedir.<\/li>\n<\/ul>\n","protected":false},"excerpt":{"rendered":"<p>\u015eartname Bedeli&nbsp;<\/p>\n","protected":false},"author":1,"featured_media":42,"parent":0,"menu_order":0,"comment_status":"closed","ping_status":"closed","template":"","meta":{"footnotes":""},"class_list":["post-50","page","type-page","status-publish","has-post-thumbnail","hentry"],"_links":{"self":[{"href":"https:\/\/yarisma.ilhantekelivakfi.org.tr\/index.php?rest_route=\/wp\/v2\/pages\/50","targetHints":{"allow":["GET"]}}],"collection":[{"href":"https:\/\/yarisma.ilhantekelivakfi.org.tr\/index.php?rest_route=\/wp\/v2\/pages"}],"about":[{"href":"https:\/\/yarisma.ilhantekelivakfi.org.tr\/index.php?rest_route=\/wp\/v2\/types\/page"}],"author":[{"embeddable":true,"href":"https:\/\/yarisma.ilhantekelivakfi.org.tr\/index.php?rest_route=\/wp\/v2\/users\/1"}],"replies":[{"embeddable":true,"href":"https:\/\/yarisma.ilhantekelivakfi.org.tr\/index.php?rest_route=%2Fwp%2Fv2%2Fcomments&post=50"}],"version-history":[{"count":2,"href":"https:\/\/yarisma.ilhantekelivakfi.org.tr\/index.php?rest_route=\/wp\/v2\/pages\/50\/revisions"}],"predecessor-version":[{"id":163,"href":"https:\/\/yarisma.ilhantekelivakfi.org.tr\/index.php?rest_route=\/wp\/v2\/pages\/50\/revisions\/163"}],"wp:featuredmedia":[{"embeddable":true,"href":"https:\/\/yarisma.ilhantekelivakfi.org.tr\/index.php?rest_route=\/wp\/v2\/media\/42"}],"wp:attachment":[{"href":"https:\/\/yarisma.ilhantekelivakfi.org.tr\/index.php?rest_route=%2Fwp%2Fv2%2Fmedia&parent=50"}],"curies":[{"name":"wp","href":"https:\/\/api.w.org\/{rel}","templated":true}]}}