{"id":70,"date":"2023-07-14T19:57:49","date_gmt":"2023-07-14T19:57:49","guid":{"rendered":"https:\/\/yarisma.ilhantekelivakfi.org.tr\/?page_id=70"},"modified":"2023-11-14T12:10:16","modified_gmt":"2023-11-14T12:10:16","slug":"projeler","status":"publish","type":"page","link":"https:\/\/yarisma.ilhantekelivakfi.org.tr\/?page_id=70","title":{"rendered":"Sonu\u00e7lar"},"content":{"rendered":"\n<p><em>Proje Sergisi<\/em>, \u00d6d\u00fcl T\u00f6reni <em>ve Kolokyumu 20 Kas\u0131m 2023 Saat 13.00-17.00 aras\u0131nda Ankara Kent Konseyinde d\u00fczenlenecektir. <\/em><\/p>\n\n\n\n<p><em>Projeler sergi, \u00f6d\u00fcl t\u00f6reni ve kolokyum sonras\u0131nda <\/em><a href=\"https:\/\/yarisma.ilhantekelivakfi.org.tr\/?page_id=70\"><em>https:\/\/yarisma.ilhantekelivakfi.org.tr\/?page_id=70<\/em><\/a><em> payla\u015f\u0131lacakt\u0131r.<\/em><\/p>\n\n\n\n<div data-wp-interactive=\"core\/file\" class=\"wp-block-file\"><object data-wp-bind--hidden=\"!state.hasPdfPreview\" hidden class=\"wp-block-file__embed\" data=\"https:\/\/yarisma.ilhantekelivakfi.org.tr\/wp-content\/uploads\/2023\/11\/JURI-DEGERLENDIRME-RAPORU.pdf\" type=\"application\/pdf\" style=\"width:100%;height:600px\" aria-label=\"J\u00dcR\u0130 DE\u011eERLEND\u0130RME RAPORU g\u00f6m\u00fcs\u00fc.\"><\/object><a id=\"wp-block-file--media-70338d2e-e33e-4d26-af56-9cbb6bfd7f80\" href=\"https:\/\/yarisma.ilhantekelivakfi.org.tr\/wp-content\/uploads\/2023\/11\/JURI-DEGERLENDIRME-RAPORU.pdf\">J\u00dcR\u0130 DE\u011eERLEND\u0130RME RAPORU<\/a><a href=\"https:\/\/yarisma.ilhantekelivakfi.org.tr\/wp-content\/uploads\/2023\/11\/JURI-DEGERLENDIRME-RAPORU.pdf\" class=\"wp-block-file__button wp-element-button\" download aria-describedby=\"wp-block-file--media-70338d2e-e33e-4d26-af56-9cbb6bfd7f80\">\u0130ndir<\/a><\/div>\n\n\n\n<ul class=\"wp-block-list\">\n<li><strong>12 S\u0131ra Nolu 21570 Rumuzlu Proje (1. \u00d6D\u00dcL)<\/strong><\/li>\n\n\n\n<li>Ekip Temsilcisi: Fulya Sel\u00e7uk (Dokuz Eyl\u00fcl \u00dcniversitesi &#8211; Mimarl\u0131k B\u00f6l\u00fcm\u00fc &#8211; Doktora \u00d6\u011frencisi)<\/li>\n\n\n\n<li>Ekip \u00dcyeleri: \u00d6mer Faruk G\u00fcrs\u00fcl (Dokuz Eyl\u00fcl \u00dcniversitesi &#8211; Mimarl\u0131k B\u00f6l\u00fcm\u00fc -Lisans \u00d6\u011frencisi)<\/li>\n\n\n\n<li>Feri\u015ftah Turgut (Dokuz Eyl\u00fcl \u00dcniversitesi &#8211; Mimarl\u0131k B\u00f6l\u00fcm\u00fc &#8211; Lisans \u00d6\u011frencisi)<\/li>\n\n\n\n<li>Melik Serkan Eker (Dokuz Eyl\u00fcl \u00dcniversitesi &#8211; Mimarl\u0131k B\u00f6l\u00fcm\u00fc -Lisans \u00d6\u011frencisi)<\/li>\n\n\n\n<li>Ece P\u0131nar Keskin (Dokuz Eyl\u00fcl \u00dcniversitesi &#8211; Mimarl\u0131k B\u00f6l\u00fcm\u00fc -Lisans \u00d6\u011frencisi)<\/li>\n\n\n\n<li>Tayyip Caner Ceylan (Dokuz Eyl\u00fcl \u00dcniversitesi Mimarl\u0131k B\u00f6l\u00fcm\u00fc -Lisans \u00d6\u011frencisi)<\/li>\n\n\n\n<li>\u00c7a\u011fla \u00c7a\u011flar (Dokuz Eyl\u00fcl \u00dcniversitesi Mimarl\u0131k B\u00f6l\u00fcm\u00fc -Lisans \u00d6\u011frencisi)<\/li>\n\n\n\n<li>Sezer Do\u011frul (Dokuz Eyl\u00fcl \u00dcniversitesi Mimarl\u0131k B\u00f6l\u00fcm\u00fc &#8211; Lisans \u00d6\u011frencisi)<\/li>\n\n\n\n<li>Rabia K\u00fc\u00e7\u00fck (Dokuz Eyl\u00fcl \u00dcniversitesi Mimarl\u0131k B\u00f6l\u00fcm\u00fc -Lisans \u00d6\u011frencisi)<\/li>\n\n\n\n<li>Ege \u00dcnl\u00fc (Dokuz Eyl\u00fcl \u00dcniversitesi Mimarl\u0131k B\u00f6l\u00fcm\u00fc -Lisans \u00d6\u011frencisi)<\/li>\n\n\n\n<li>Can Akda\u011f (Dokuz Eyl\u00fcl \u00dcniversitesi Mimarl\u0131k B\u00f6l\u00fcm\u00fc -Lisans \u00d6\u011frencisi)<\/li>\n\n\n\n<li>S\u00fcmeyra \u00d6zmen (Dokuz Eyl\u00fcl \u00dcniversitesi Mimarl\u0131k B\u00f6l\u00fcm\u00fc -Lisans \u00d6\u011frencisi)<\/li>\n\n\n\n<li>Emin Bar\u0131\u015f Yi\u011fit (Dokuz Eyl\u00fcl \u00dcniversitesi Mimarl\u0131k B\u00f6l\u00fcm\u00fc -Lisans \u00d6\u011frencisi)<\/li>\n\n\n\n<li>Ferahnur \u00d6zg\u00fczel (Dokuz Eyl\u00fcl \u00dcniversitesi Mimarl\u0131k B\u00f6l\u00fcm\u00fc -Lisans \u00d6\u011frencisi)<\/li>\n\n\n\n<li>Beyza Durgun (Dokuz Eyl\u00fcl \u00dcniversitesi Mimarl\u0131k B\u00f6l\u00fcm\u00fc -Lisans \u00d6\u011frencisi)<\/li>\n\n\n\n<li>Sultan Selin K\u00f6se (Anadolu \u00dcniversitesi &#8211; \u0130\u015fletme B\u00f6l\u00fcm\u00fc &#8211; Lisans \u00d6\u011frencisi)<\/li>\n\n\n\n<li>Akademik Dan\u0131\u015fman: Prof. Dr. Ferhat Hac\u0131alibeyo\u011flu (Dokuz Eyl\u00fcl \u00dcniversitesi Mimarl\u0131k B\u00f6l\u00fcm\u00fc)<\/li>\n\n\n\n<li>______________________________________________________________<\/li>\n\n\n\n<li><strong>15 S\u0131ra Numaral\u0131 22019 Rumuzlu Proje  (2. \u00d6d\u00fcl)<\/strong><\/li>\n\n\n\n<li>Ekip Temsilcisi: Mehmet Kaplan (Orta Do\u011fu Teknik \u00dcniversitesi &#8211; Mimarl\u0131k &#8211; Y\u00fcksek Lisans \u00d6\u011frencisi)<\/li>\n\n\n\n<li>Ekip \u00dcyesi: Selen \u0130lhan (Anadolu \u00dcniversitesi &#8211; Felsefe B\u00f6l\u00fcm\u00fc &#8211; Lisans \u00d6\u011frencisi)<\/li>\n\n\n\n<li>_______________________________________________________________<\/li>\n\n\n\n<li><strong>18 S\u0131ra Numaral\u0131 <strong>86746<\/strong> Rumuzlu Proje (3. \u00d6d\u00fcl)<\/strong><\/li>\n\n\n\n<li>Ekip Temsilcisi: Berfin Y\u0131ld\u0131z (Orta Do\u011fu Teknik \u00dcniversitesi &#8211; \u015eehir ve B\u00f6lge Planlama B\u00f6l\u00fcm\u00fc &#8211; Lisans \u00d6\u011frencisi)<\/li>\n\n\n\n<li>Ekip \u00dcyeleri: Nihan Ba\u011fr\u0131a\u00e7\u0131k (Orta Do\u011fu Teknik \u00dcniversitesi &#8211; \u015eehir ve B\u00f6lge Planlama B\u00f6l\u00fcm\u00fc &#8211; Lisans \u00d6\u011frencisi)<\/li>\n\n\n\n<li>Mehmet Emin Sar\u0131han (Orta Do\u011fu Teknik \u00dcniversitesi &#8211; \u015eehir ve B\u00f6lge Planlama B\u00f6l\u00fcm\u00fc &#8211; Lisans \u00d6\u011frencisi)<\/li>\n<\/ul>\n","protected":false},"excerpt":{"rendered":"<p>Proje Sergisi, \u00d6d\u00fcl T\u00f6reni ve Kolokyumu 20 Kas\u0131m 2023 Saat 13.00-17.00 aras\u0131nda Ankara Kent Konseyinde d\u00fczenlenecektir. Projeler sergi, \u00f6d\u00fcl t\u00f6reni ve kolokyum sonras\u0131nda https:\/\/yarisma.ilhantekelivakfi.org.tr\/?page_id=70 payla\u015f\u0131lacakt\u0131r.<\/p>\n","protected":false},"author":1,"featured_media":0,"parent":0,"menu_order":0,"comment_status":"closed","ping_status":"closed","template":"","meta":{"footnotes":""},"class_list":["post-70","page","type-page","status-publish","hentry"],"_links":{"self":[{"href":"https:\/\/yarisma.ilhantekelivakfi.org.tr\/index.php?rest_route=\/wp\/v2\/pages\/70","targetHints":{"allow":["GET"]}}],"collection":[{"href":"https:\/\/yarisma.ilhantekelivakfi.org.tr\/index.php?rest_route=\/wp\/v2\/pages"}],"about":[{"href":"https:\/\/yarisma.ilhantekelivakfi.org.tr\/index.php?rest_route=\/wp\/v2\/types\/page"}],"author":[{"embeddable":true,"href":"https:\/\/yarisma.ilhantekelivakfi.org.tr\/index.php?rest_route=\/wp\/v2\/users\/1"}],"replies":[{"embeddable":true,"href":"https:\/\/yarisma.ilhantekelivakfi.org.tr\/index.php?rest_route=%2Fwp%2Fv2%2Fcomments&post=70"}],"version-history":[{"count":5,"href":"https:\/\/yarisma.ilhantekelivakfi.org.tr\/index.php?rest_route=\/wp\/v2\/pages\/70\/revisions"}],"predecessor-version":[{"id":223,"href":"https:\/\/yarisma.ilhantekelivakfi.org.tr\/index.php?rest_route=\/wp\/v2\/pages\/70\/revisions\/223"}],"wp:attachment":[{"href":"https:\/\/yarisma.ilhantekelivakfi.org.tr\/index.php?rest_route=%2Fwp%2Fv2%2Fmedia&parent=70"}],"curies":[{"name":"wp","href":"https:\/\/api.w.org\/{rel}","templated":true}]}}